
{"id":857,"date":"2023-07-17T07:24:21","date_gmt":"2023-07-17T05:24:21","guid":{"rendered":"https:\/\/ausencias.es\/zafarraya\/?page_id=857"},"modified":"2024-02-10T12:09:44","modified_gmt":"2024-02-10T11:09:44","slug":"agenda","status":"publish","type":"page","link":"https:\/\/ausencias.es\/zafarraya\/?page_id=857","title":{"rendered":"Agenda"},"content":{"rendered":"<h2><strong>Agenda \/ Calendario de eventos para nuestra Comarca<\/strong><\/h2>\n<p>Si desea incluir informaci\u00f3n es esta agenda-calendario sobre misas, funerales, homenajes, recuerdos, actos, etc., puede hacerlo a trav\u00e9s del correo electr\u00f3nico\u00a0<a href=\"mailto:ausencias.es@gmail.com\" target=\"_blank\" rel=\"noopener\"><strong>ausencias.es@gmail.com<\/strong><\/a>, o mediante <strong>Telegram<\/strong> al <strong>628 669 460<\/strong> (no se atienden WhatsApp).<\/p>\n<h2><span style=\"color: #895000;\"><strong> Agenda \/ eventos pr\u00f3ximos:<\/strong><\/span><\/h2>\n<p><span style=\"font-size: 14pt;\"><div class=\"simcal-calendar simcal-default-calendar simcal-default-calendar-list simcal-default-calendar-light\" data-calendar-id=\"858\" data-timezone=\"Europe\/Madrid\" data-offset=\"7200\" data-week-start=\"1\" data-calendar-start=\"1777586400\" data-calendar-end=\"1787425200\" data-events-first=\"1777568400\" data-events-last=\"1787425200\"><div class=\"simcal-calendar-list \"><dl class=\"simcal-events-list-container\" data-prev=\"1761951600\" data-next=\"1793487600\" data-heading-small=\"May - Ago 2026\" data-heading-large=\"mayo - agosto, 2026\">\t<dt class=\"simcal-day-label\" style=\"border-bottom: 1px solid #895000;\" ><span style=\"background-color: #895000; color: #ffffff;\"><span class=\"simcal-date-format\" data-date-format=\"l, d F Y\">s\u00e1bado, 02 mayo 2026<\/span> <\/span><\/dt>\n<dd class=\"simcal-weekday-6 simcal-past simcal-day simcal-day-has-events simcal-day-has-1-events simcal-events-calendar-858\" data-events-count=\"1\">\n\t<ul class=\"simcal-events\">\n\t<li class=\"simcal-event simcal-event-has-location simcal-events-calendar-858\" style=\"\" itemscope itemtype=\"http:\/\/schema.org\/Event\" data-start=\"1777744800\">\n\t\t<div class=\"simcal-event-details\"><p><span style=\"font-size: 14pt;color: #993300\"><strong><\/strong><\/span><\/p>\n<p><span style=\"font-size: 14pt;color: #895000\"><strong><span class=\"simcal-event-title\" itemprop=\"name\">ALHAMA. Emilia Mart\u00ednez Jim\u00e9nez, funeral<\/span><\/strong><\/span><\/p>\n<p><strong><span style=\"font-size: 14pt\"><span class=\"simcal-event-start simcal-event-start-date\" data-event-start=\"1777744800\" data-event-format=\"l, d F Y\" itemprop=\"startDate\" content=\"2026-05-02T20:00:00+02:00\">s\u00e1bado, 02 mayo 2026<\/span><\/span><\/strong><span style=\"font-size: 14pt\">, a las<\/span><strong><span style=\"font-size: 14pt\"> <span class=\"simcal-event-start simcal-event-start-time\" data-event-start=\"1777744800\" data-event-format=\"H:i\" itemprop=\"startDate\" content=\"2026-05-02T20:00:00+02:00\">20:00<\/span> <\/span><\/strong><span style=\"font-size: 14pt\">h.<\/span><\/p>\n<p><span style=\"font-size: 14pt\"> <span class=\"simcal-event-address simcal-event-start-location\" itemprop=\"location\" itemscope itemtype=\"http:\/\/schema.org\/Place\"><meta itemprop=\"name\" content=\"Iglesia del Carmen\" \/><meta itemprop=\"address\" content=\"Iglesia del Carmen\" \/>Iglesia del Carmen<\/span><\/span><\/p>\n<div><span style=\"font-size: 14pt\"><\/span><\/div><\/div>\n\t<\/li>\n<\/ul>\n\n<\/dd>\n\t<dt class=\"simcal-day-label\" style=\"border-bottom: 1px solid #895000;\" ><span style=\"background-color: #895000; color: #ffffff;\"><span class=\"simcal-date-format\" data-date-format=\"l, d F Y\">s\u00e1bado, 09 mayo 2026<\/span> <\/span><\/dt>\n<dd class=\"simcal-weekday-6 simcal-past simcal-day simcal-day-has-events simcal-day-has-1-events simcal-events-calendar-858\" data-events-count=\"1\">\n\t<ul class=\"simcal-events\">\n\t<li class=\"simcal-event simcal-event-has-location simcal-events-calendar-858\" style=\"\" itemscope itemtype=\"http:\/\/schema.org\/Event\" data-start=\"1778349600\">\n\t\t<div class=\"simcal-event-details\"><p><span style=\"font-size: 14pt;color: #993300\"><strong><\/strong><\/span><\/p>\n<p><span style=\"font-size: 14pt;color: #895000\"><strong><span class=\"simcal-event-title\" itemprop=\"name\">ALHAMA. Gerardo G\u00f3mez P\u00e9rez, funeral<\/span><\/strong><\/span><\/p>\n<p><strong><span style=\"font-size: 14pt\"><span class=\"simcal-event-start simcal-event-start-date\" data-event-start=\"1778349600\" data-event-format=\"l, d F Y\" itemprop=\"startDate\" content=\"2026-05-09T20:00:00+02:00\">s\u00e1bado, 09 mayo 2026<\/span><\/span><\/strong><span style=\"font-size: 14pt\">, a las<\/span><strong><span style=\"font-size: 14pt\"> <span class=\"simcal-event-start simcal-event-start-time\" data-event-start=\"1778349600\" data-event-format=\"H:i\" itemprop=\"startDate\" content=\"2026-05-09T20:00:00+02:00\">20:00<\/span> <\/span><\/strong><span style=\"font-size: 14pt\">h.<\/span><\/p>\n<p><span style=\"font-size: 14pt\"> <span class=\"simcal-event-address simcal-event-start-location\" itemprop=\"location\" itemscope itemtype=\"http:\/\/schema.org\/Place\"><meta itemprop=\"name\" content=\"Iglesia del Carmen. Alhama\" \/><meta itemprop=\"address\" content=\"Iglesia del Carmen. Alhama\" \/>Iglesia del Carmen. Alhama<\/span><\/span><\/p>\n<div><span style=\"font-size: 14pt\"><\/span><\/div><\/div>\n\t<\/li>\n<\/ul>\n\n<\/dd>\n\t<dt class=\"simcal-day-label\" style=\"border-bottom: 1px solid #895000;\" ><span style=\"background-color: #895000; color: #ffffff;\"><span class=\"simcal-date-format\" data-date-format=\"l, d F Y\">jueves, 14 mayo 2026<\/span> <\/span><\/dt>\n<dd class=\"simcal-weekday-4 simcal-past simcal-day simcal-day-has-events simcal-day-has-1-events simcal-events-calendar-858\" data-events-count=\"1\">\n\t<ul class=\"simcal-events\">\n\t<li class=\"simcal-event simcal-event-has-location simcal-events-calendar-858\" style=\"\" itemscope itemtype=\"http:\/\/schema.org\/Event\" data-start=\"1778778000\">\n\t\t<div class=\"simcal-event-details\"><p><span style=\"font-size: 14pt;color: #993300\"><strong><\/strong><\/span><\/p>\n<p><span style=\"font-size: 14pt;color: #895000\"><strong><span class=\"simcal-event-title\" itemprop=\"name\">ALHAMA. Ana Franco Maldonado, funeral<\/span><\/strong><\/span><\/p>\n<p><strong><span style=\"font-size: 14pt\"><span class=\"simcal-event-start simcal-event-start-date\" data-event-start=\"1778778000\" data-event-format=\"l, d F Y\" itemprop=\"startDate\" content=\"2026-05-14T19:00:00+02:00\">jueves, 14 mayo 2026<\/span><\/span><\/strong><span style=\"font-size: 14pt\">, a las<\/span><strong><span style=\"font-size: 14pt\"> <span class=\"simcal-event-start simcal-event-start-time\" data-event-start=\"1778778000\" data-event-format=\"H:i\" itemprop=\"startDate\" content=\"2026-05-14T19:00:00+02:00\">19:00<\/span> <\/span><\/strong><span style=\"font-size: 14pt\">h.<\/span><\/p>\n<p><span style=\"font-size: 14pt\"> <span class=\"simcal-event-address simcal-event-start-location\" itemprop=\"location\" itemscope itemtype=\"http:\/\/schema.org\/Place\"><meta itemprop=\"name\" content=\"Iglesia del Carmen\" \/><meta itemprop=\"address\" content=\"Iglesia del Carmen\" \/>Iglesia del Carmen<\/span><\/span><\/p>\n<div><span style=\"font-size: 14pt\"><\/span><\/div><\/div>\n\t<\/li>\n<\/ul>\n\n<\/dd>\n\t<dt class=\"simcal-day-label\" style=\"border-bottom: 1px solid #895000;\" ><span style=\"background-color: #895000; color: #ffffff;\"><span class=\"simcal-date-format\" data-date-format=\"l, d F Y\">s\u00e1bado, 16 mayo 2026<\/span> <\/span><\/dt>\n<dd class=\"simcal-weekday-6 simcal-past simcal-day simcal-day-has-events simcal-day-has-1-events simcal-events-calendar-858\" data-events-count=\"1\">\n\t<ul class=\"simcal-events\">\n\t<li class=\"simcal-event simcal-event-has-location simcal-events-calendar-858\" style=\"\" itemscope itemtype=\"http:\/\/schema.org\/Event\" data-start=\"1778954400\">\n\t\t<div class=\"simcal-event-details\"><p><span style=\"font-size: 14pt;color: #993300\"><strong><\/strong><\/span><\/p>\n<p><span style=\"font-size: 14pt;color: #895000\"><strong><span class=\"simcal-event-title\" itemprop=\"name\">ALHAMA. Amparo Flores Guti\u00e9rrez, funeral<\/span><\/strong><\/span><\/p>\n<p><strong><span style=\"font-size: 14pt\"><span class=\"simcal-event-start simcal-event-start-date\" data-event-start=\"1778954400\" data-event-format=\"l, d F Y\" itemprop=\"startDate\" content=\"2026-05-16T20:00:00+02:00\">s\u00e1bado, 16 mayo 2026<\/span><\/span><\/strong><span style=\"font-size: 14pt\">, a las<\/span><strong><span style=\"font-size: 14pt\"> <span class=\"simcal-event-start simcal-event-start-time\" data-event-start=\"1778954400\" data-event-format=\"H:i\" itemprop=\"startDate\" content=\"2026-05-16T20:00:00+02:00\">20:00<\/span> <\/span><\/strong><span style=\"font-size: 14pt\">h.<\/span><\/p>\n<p><span style=\"font-size: 14pt\"> <span class=\"simcal-event-address simcal-event-start-location\" itemprop=\"location\" itemscope itemtype=\"http:\/\/schema.org\/Place\"><meta itemprop=\"name\" content=\"Iglesia del Carmen\" \/><meta itemprop=\"address\" content=\"Iglesia del Carmen\" \/>Iglesia del Carmen<\/span><\/span><\/p>\n<div><span style=\"font-size: 14pt\"><\/span><\/div><\/div>\n\t<\/li>\n<\/ul>\n\n<\/dd>\n\t<dt class=\"simcal-day-label\" style=\"border-bottom: 1px solid #895000;\" ><span style=\"background-color: #895000; color: #ffffff;\"><span class=\"simcal-date-format\" data-date-format=\"l, d F Y\">s\u00e1bado, 23 mayo 2026<\/span> <\/span><\/dt>\n<dd class=\"simcal-weekday-6 simcal-past simcal-day simcal-day-has-events simcal-day-has-1-events simcal-events-calendar-858\" data-events-count=\"1\">\n\t<ul class=\"simcal-events\">\n\t<li class=\"simcal-event simcal-events-calendar-858\" style=\"\" itemscope itemtype=\"http:\/\/schema.org\/Event\" data-start=\"1779559200\">\n\t\t<div class=\"simcal-event-details\"><p><span style=\"font-size: 14pt;color: #993300\"><strong><\/strong><\/span><\/p>\n<p><span style=\"font-size: 14pt;color: #895000\"><strong><span class=\"simcal-event-title\" itemprop=\"name\">ALHAMA. Jos\u00e9 Palma Castillo, funeral<\/span><\/strong><\/span><\/p>\n<p><strong><span style=\"font-size: 14pt\"><span class=\"simcal-event-start simcal-event-start-date\" data-event-start=\"1779559200\" data-event-format=\"l, d F Y\" itemprop=\"startDate\" content=\"2026-05-23T20:00:00+02:00\">s\u00e1bado, 23 mayo 2026<\/span><\/span><\/strong><span style=\"font-size: 14pt\">, a las<\/span><strong><span style=\"font-size: 14pt\"> <span class=\"simcal-event-start simcal-event-start-time\" data-event-start=\"1779559200\" data-event-format=\"H:i\" itemprop=\"startDate\" content=\"2026-05-23T20:00:00+02:00\">20:00<\/span> <\/span><\/strong><span style=\"font-size: 14pt\">h.<\/span><\/p>\n<p><span style=\"font-size: 14pt\"> <span class=\"simcal-event-address simcal-event-start-location\" itemprop=\"location\" itemscope itemtype=\"http:\/\/schema.org\/Place\"><meta itemprop=\"name\" content=\"ALHAMA. Jos\u00e9 Palma Castillo, funeral\" \/><meta itemprop=\"address\" content=\"ALHAMA. Jos\u00e9 Palma Castillo, funeral\" \/><\/span><\/span><\/p>\n<div><span style=\"font-size: 14pt\"><\/span><\/div><\/div>\n\t<\/li>\n<\/ul>\n\n<\/dd>\n\t<dt class=\"simcal-day-label\" style=\"border-bottom: 1px solid #895000;\" ><span style=\"background-color: #895000; color: #ffffff;\"><span class=\"simcal-date-format\" data-date-format=\"l, d F Y\">s\u00e1bado, 30 mayo 2026<\/span> <\/span><\/dt>\n<dd class=\"simcal-weekday-6 simcal-past simcal-day simcal-day-has-events simcal-day-has-1-events simcal-events-calendar-858\" data-events-count=\"1\">\n\t<ul class=\"simcal-events\">\n\t<li class=\"simcal-event simcal-event-has-location simcal-events-calendar-858\" style=\"\" itemscope itemtype=\"http:\/\/schema.org\/Event\" data-start=\"1780164000\">\n\t\t<div class=\"simcal-event-details\"><p><span style=\"font-size: 14pt;color: #993300\"><strong><\/strong><\/span><\/p>\n<p><span style=\"font-size: 14pt;color: #895000\"><strong><span class=\"simcal-event-title\" itemprop=\"name\">ALHAMA. Consuelo Palomino Rodr\u00edguez, funeral<\/span><\/strong><\/span><\/p>\n<p><strong><span style=\"font-size: 14pt\"><span class=\"simcal-event-start simcal-event-start-date\" data-event-start=\"1780164000\" data-event-format=\"l, d F Y\" itemprop=\"startDate\" content=\"2026-05-30T20:00:00+02:00\">s\u00e1bado, 30 mayo 2026<\/span><\/span><\/strong><span style=\"font-size: 14pt\">, a las<\/span><strong><span style=\"font-size: 14pt\"> <span class=\"simcal-event-start simcal-event-start-time\" data-event-start=\"1780164000\" data-event-format=\"H:i\" itemprop=\"startDate\" content=\"2026-05-30T20:00:00+02:00\">20:00<\/span> <\/span><\/strong><span style=\"font-size: 14pt\">h.<\/span><\/p>\n<p><span style=\"font-size: 14pt\"> <span class=\"simcal-event-address simcal-event-start-location\" itemprop=\"location\" itemscope itemtype=\"http:\/\/schema.org\/Place\"><meta itemprop=\"name\" content=\"Iglesia del Carmen\" \/><meta itemprop=\"address\" content=\"Iglesia del Carmen\" \/>Iglesia del Carmen<\/span><\/span><\/p>\n<div><span style=\"font-size: 14pt\"><\/span><\/div><\/div>\n\t<\/li>\n<\/ul>\n\n<\/dd>\n\t<dt class=\"simcal-day-label\" style=\"border-bottom: 1px solid #895000;\" ><span style=\"background-color: #895000; color: #ffffff;\"><span class=\"simcal-date-format\" data-date-format=\"l, d F Y\">s\u00e1bado, 06 junio 2026<\/span> <\/span><\/dt>\n<dd class=\"simcal-weekday-6 simcal-past simcal-day simcal-day-has-events simcal-day-has-1-events simcal-events-calendar-858\" data-events-count=\"1\">\n\t<ul class=\"simcal-events\">\n\t<li class=\"simcal-event simcal-event-has-location simcal-events-calendar-858\" style=\"\" itemscope itemtype=\"http:\/\/schema.org\/Event\" data-start=\"1780768800\">\n\t\t<div class=\"simcal-event-details\"><p><span style=\"font-size: 14pt;color: #993300\"><strong><\/strong><\/span><\/p>\n<p><span style=\"font-size: 14pt;color: #895000\"><strong><span class=\"simcal-event-title\" itemprop=\"name\">ALHAMA. Bernardo Maestre Castillo, funeral<\/span><\/strong><\/span><\/p>\n<p><strong><span style=\"font-size: 14pt\"><span class=\"simcal-event-start simcal-event-start-date\" data-event-start=\"1780768800\" data-event-format=\"l, d F Y\" itemprop=\"startDate\" content=\"2026-06-06T20:00:00+02:00\">s\u00e1bado, 06 junio 2026<\/span><\/span><\/strong><span style=\"font-size: 14pt\">, a las<\/span><strong><span style=\"font-size: 14pt\"> <span class=\"simcal-event-start simcal-event-start-time\" data-event-start=\"1780768800\" data-event-format=\"H:i\" itemprop=\"startDate\" content=\"2026-06-06T20:00:00+02:00\">20:00<\/span> <\/span><\/strong><span style=\"font-size: 14pt\">h.<\/span><\/p>\n<p><span style=\"font-size: 14pt\"> <span class=\"simcal-event-address simcal-event-start-location\" itemprop=\"location\" itemscope itemtype=\"http:\/\/schema.org\/Place\"><meta itemprop=\"name\" content=\"Iglesia del Carmen,\" \/><meta itemprop=\"address\" content=\"Iglesia del Carmen,\" \/>Iglesia del Carmen,<\/span><\/span><\/p>\n<div><span style=\"font-size: 14pt\"><\/span><\/div><\/div>\n\t<\/li>\n<\/ul>\n\n<\/dd>\n\t<dt class=\"simcal-day-label\" style=\"border-bottom: 1px solid #895000;\" ><span style=\"background-color: #895000; color: #ffffff;\"><span class=\"simcal-date-format\" data-date-format=\"l, d F Y\">s\u00e1bado, 13 junio 2026<\/span> <\/span><\/dt>\n<dd class=\"simcal-weekday-6 simcal-past simcal-day simcal-day-has-events simcal-day-has-1-events simcal-events-calendar-858\" data-events-count=\"1\">\n\t<ul class=\"simcal-events\">\n\t<li class=\"simcal-event simcal-event-has-location simcal-events-calendar-858\" style=\"\" itemscope itemtype=\"http:\/\/schema.org\/Event\" data-start=\"1781373600\">\n\t\t<div class=\"simcal-event-details\"><p><span style=\"font-size: 14pt;color: #993300\"><strong><\/strong><\/span><\/p>\n<p><span style=\"font-size: 14pt;color: #895000\"><strong><span class=\"simcal-event-title\" itemprop=\"name\">ALHAMA. Salvador Espejo Calvo, funeral<\/span><\/strong><\/span><\/p>\n<p><strong><span style=\"font-size: 14pt\"><span class=\"simcal-event-start simcal-event-start-date\" data-event-start=\"1781373600\" data-event-format=\"l, d F Y\" itemprop=\"startDate\" content=\"2026-06-13T20:00:00+02:00\">s\u00e1bado, 13 junio 2026<\/span><\/span><\/strong><span style=\"font-size: 14pt\">, a las<\/span><strong><span style=\"font-size: 14pt\"> <span class=\"simcal-event-start simcal-event-start-time\" data-event-start=\"1781373600\" data-event-format=\"H:i\" itemprop=\"startDate\" content=\"2026-06-13T20:00:00+02:00\">20:00<\/span> <\/span><\/strong><span style=\"font-size: 14pt\">h.<\/span><\/p>\n<p><span style=\"font-size: 14pt\"> <span class=\"simcal-event-address simcal-event-start-location\" itemprop=\"location\" itemscope itemtype=\"http:\/\/schema.org\/Place\"><meta itemprop=\"name\" content=\"Iglesia del Carmen, Alhama\" \/><meta itemprop=\"address\" content=\"Iglesia del Carmen, Alhama\" \/>Iglesia del Carmen, Alhama<\/span><\/span><\/p>\n<div><span style=\"font-size: 14pt\"><\/span><\/div><\/div>\n\t<\/li>\n<\/ul>\n\n<\/dd>\n\t<dt class=\"simcal-day-label\" style=\"border-bottom: 1px solid #895000;\" ><span style=\"background-color: #895000; color: #ffffff;\"><span class=\"simcal-date-format\" data-date-format=\"l, d F Y\">s\u00e1bado, 20 junio 2026<\/span> <\/span><\/dt>\n<dd class=\"simcal-weekday-6 simcal-past simcal-day simcal-day-has-events simcal-day-has-1-events simcal-events-calendar-858\" data-events-count=\"1\">\n\t<ul class=\"simcal-events\">\n\t<li class=\"simcal-event simcal-event-has-location simcal-events-calendar-858\" style=\"\" itemscope itemtype=\"http:\/\/schema.org\/Event\" data-start=\"1781978400\">\n\t\t<div class=\"simcal-event-details\"><p><span style=\"font-size: 14pt;color: #993300\"><strong><\/strong><\/span><\/p>\n<p><span style=\"font-size: 14pt;color: #895000\"><strong><span class=\"simcal-event-title\" itemprop=\"name\">ALHAMA. Ana Mar\u00eda Villarraso Cabello, funeral<\/span><\/strong><\/span><\/p>\n<p><strong><span style=\"font-size: 14pt\"><span class=\"simcal-event-start simcal-event-start-date\" data-event-start=\"1781978400\" data-event-format=\"l, d F Y\" itemprop=\"startDate\" content=\"2026-06-20T20:00:00+02:00\">s\u00e1bado, 20 junio 2026<\/span><\/span><\/strong><span style=\"font-size: 14pt\">, a las<\/span><strong><span style=\"font-size: 14pt\"> <span class=\"simcal-event-start simcal-event-start-time\" data-event-start=\"1781978400\" data-event-format=\"H:i\" itemprop=\"startDate\" content=\"2026-06-20T20:00:00+02:00\">20:00<\/span> <\/span><\/strong><span style=\"font-size: 14pt\">h.<\/span><\/p>\n<p><span style=\"font-size: 14pt\"> <span class=\"simcal-event-address simcal-event-start-location\" itemprop=\"location\" itemscope itemtype=\"http:\/\/schema.org\/Place\"><meta itemprop=\"name\" content=\"Iglesia del Carmen\" \/><meta itemprop=\"address\" content=\"Iglesia del Carmen\" \/>Iglesia del Carmen<\/span><\/span><\/p>\n<div><span style=\"font-size: 14pt\"><\/span><\/div><\/div>\n\t<\/li>\n<\/ul>\n\n<\/dd>\n\t<dt class=\"simcal-day-label\" style=\"border-bottom: 1px solid #895000;\" ><span style=\"background-color: #895000; color: #ffffff;\"><span class=\"simcal-date-format\" data-date-format=\"l, d F Y\">s\u00e1bado, 22 agosto 2026<\/span> <\/span><\/dt>\n<dd class=\"simcal-weekday-6 simcal-past simcal-day simcal-day-has-events simcal-day-has-1-events simcal-events-calendar-858\" data-events-count=\"1\">\n\t<ul class=\"simcal-events\">\n\t<li class=\"simcal-event simcal-event-has-location simcal-events-calendar-858\" style=\"\" itemscope itemtype=\"http:\/\/schema.org\/Event\" data-start=\"1787421600\">\n\t\t<div class=\"simcal-event-details\"><p><span style=\"font-size: 14pt;color: #993300\"><strong><\/strong><\/span><\/p>\n<p><span style=\"font-size: 14pt;color: #895000\"><strong><span class=\"simcal-event-title\" itemprop=\"name\">ALHAMA. Antonio Molina Jim\u00e9nez, funeral<\/span><\/strong><\/span><\/p>\n<p><strong><span style=\"font-size: 14pt\"><span class=\"simcal-event-start simcal-event-start-date\" data-event-start=\"1787421600\" data-event-format=\"l, d F Y\" itemprop=\"startDate\" content=\"2026-08-22T20:00:00+02:00\">s\u00e1bado, 22 agosto 2026<\/span><\/span><\/strong><span style=\"font-size: 14pt\">, a las<\/span><strong><span style=\"font-size: 14pt\"> <span class=\"simcal-event-start simcal-event-start-time\" data-event-start=\"1787421600\" data-event-format=\"H:i\" itemprop=\"startDate\" content=\"2026-08-22T20:00:00+02:00\">20:00<\/span> <\/span><\/strong><span style=\"font-size: 14pt\">h.<\/span><\/p>\n<p><span style=\"font-size: 14pt\"> <span class=\"simcal-event-address simcal-event-start-location\" itemprop=\"location\" itemscope itemtype=\"http:\/\/schema.org\/Place\"><meta itemprop=\"name\" content=\"Iglesia del Carmen\" \/><meta itemprop=\"address\" content=\"Iglesia del Carmen\" \/>Iglesia del Carmen<\/span><\/span><\/p>\n<div><span style=\"font-size: 14pt\"><\/span><\/div><\/div>\n\t<\/li>\n<\/ul>\n\n<\/dd>\n<\/dl><div class=\"simcal-ajax-loader simcal-spinner-top\" style=\"display: none;\"><i class=\"simcal-icon-spinner simcal-icon-spin\"><\/i><\/div><\/div><\/div><\/span><\/p>\n<p><img loading=\"lazy\" decoding=\"async\" class=\"aligncenter\" src=\"http:\/\/ausencias.es\/img\/rosa_60x60.png\" width=\"60\" height=\"60\" \/><\/p>\n<h2><span style=\"font-size: 14pt;\"><span style=\"color: #993300;\">Si desea hacer alguna inclusi\u00f3n, modificaci\u00f3n u observaci\u00f3n en la agenda utilice este email de contacto<\/span>: <\/span><a href=\"mailto:ausencias.es@gmail.com\" target=\"_blank\" rel=\"noopener\"><strong><span style=\"font-size: 14pt;\">ausencias.es@gmail.com<\/span><\/strong><\/a><\/h2>\n<h2><img loading=\"lazy\" decoding=\"async\" class=\"aligncenter\" src=\"http:\/\/ausencias.es\/img\/rosa_60x60.png\" width=\"60\" height=\"60\" \/><\/h2>\n<h2><strong>Calendario vista mensual<\/strong><\/h2>\n<p>En el siguiente calendario pueden consultar d\u00edas y meses anteriores y siguientes (de hab\u00e9rsenos facilitado la informaci\u00f3n), sit\u00faa el rat\u00f3n sobre las fechas que se destacan, que son las que corresponden a actividades\/eventos pasados o previstos:<\/p>\n<div class=\"simcal-calendar simcal-default-calendar simcal-default-calendar-grid simcal-default-calendar-light\" data-calendar-id=\"859\" data-timezone=\"Europe\/Madrid\" data-offset=\"7200\" data-week-start=\"1\" data-calendar-start=\"1777586400\" data-calendar-end=\"1787425200\" data-events-first=\"1746297000\" data-events-last=\"1787425200\">\n\t\t\t\n            <table class=\"simcal-calendar-grid\"\n                   data-event-bubble-trigger=\"hover\">\n                <thead class=\"simcal-calendar-head\">\n                <tr>\n\t\t\t\t\t                        <th class=\"simcal-nav simcal-prev-wrapper\" colspan=\"1\">\n                            <button class=\"simcal-nav-button simcal-month-nav simcal-prev\" title=\"Mes anterior\" aria-label=\"Mes anterior\"><i class=\"simcal-icon-left\"><\/i><\/button>\n                        <\/th>\n\t\t\t\t\t                    <th colspan=\"5\"\n                        class=\"simcal-nav simcal-current\"\n                        data-calendar-current=\"1777586400\">\n\t\t\t\t\t\t<h3> <span class=\"simcal-current-month\">mayo<\/span>  <span class=\"simcal-current-year\">2026<\/span> <\/h3>                    <\/th>\n\t\t\t\t\t                        <th class=\"simcal-nav simcal-next-wrapper\" colspan=\"1\">\n                            <button class=\"simcal-nav-button simcal-month-nav simcal-next\" title=\"Pr\u00f3ximo mes\" aria-label=\"Pr\u00f3ximo mes\"><i class=\"simcal-icon-right\"><\/i><\/button>\n                        <\/th>\n\t\t\t\t\t                <\/tr>\n                <tr>\n\t\t\t\t\t                        <th class=\"simcal-week-day simcal-week-day-1\"\n                            data-screen-small=\"L\"\n                            data-screen-medium=\"Lun\"\n                            data-screen-large=\"lunes\">Lun<\/th>\n\t\t\t\t\t\t                        <th class=\"simcal-week-day simcal-week-day-2\"\n                            data-screen-small=\"M\"\n                            data-screen-medium=\"Mar\"\n                            data-screen-large=\"martes\">Mar<\/th>\n\t\t\t\t\t\t                        <th class=\"simcal-week-day simcal-week-day-3\"\n                            data-screen-small=\"M\"\n                            data-screen-medium=\"Mi\u00e9\"\n                            data-screen-large=\"mi\u00e9rcoles\">Mi\u00e9<\/th>\n\t\t\t\t\t\t                        <th class=\"simcal-week-day simcal-week-day-4\"\n                            data-screen-small=\"J\"\n                            data-screen-medium=\"Jue\"\n                            data-screen-large=\"jueves\">Jue<\/th>\n\t\t\t\t\t\t                        <th class=\"simcal-week-day simcal-week-day-5\"\n                            data-screen-small=\"V\"\n                            data-screen-medium=\"Vie\"\n                            data-screen-large=\"viernes\">Vie<\/th>\n\t\t\t\t\t\t                        <th class=\"simcal-week-day simcal-week-day-6\"\n                            data-screen-small=\"S\"\n                            data-screen-medium=\"S\u00e1b\"\n                            data-screen-large=\"s\u00e1bado\">S\u00e1b<\/th>\n\t\t\t\t\t\t                            <th class=\"simcal-week-day simcal-week-day-0\"\n                                data-screen-small=\"D\"\n                                data-screen-medium=\"Dom\"\n                                data-screen-large=\"domingo\">Dom<\/th>\n\t\t\t\t\t\t\t                <\/tr>\n                <\/thead>\n\n\t\t\t\t<tbody class=\"simcal-month simcal-month-5\">\n\t<tr class=\"simcal-week simcal-week-18\"><td class=\"simcal-day simcal-day-void \"><\/td>\n<td class=\"simcal-day simcal-day-void \"><\/td>\n<td class=\"simcal-day simcal-day-void \"><\/td>\n<td class=\"simcal-day simcal-day-void simcal-day-void-last\"><\/td>\n<td class=\"simcal-day-1 simcal-weekday-5 simcal-today simcal-present simcal-day\" data-events-count=\"0\">\n\t<div style=\"border: 1px solid #298000;\">\n\t\t<span class=\"simcal-day-label simcal-day-number\" style=\"background-color: #298000; color: #ffffff\">1<\/span>\n\t\t<span class=\"simcal-no-events\"><\/span>\n\t\t<span class=\"simcal-events-dots\" style=\"display: none;\"><\/span>\n\t<\/div>\n<\/td>\n<td class=\"simcal-day-2 simcal-weekday-6 simcal-future simcal-day simcal-day-has-events simcal-day-has-1-events simcal-events-calendar-859\" data-events-count=\"1\">\n\t<div>\n\t\t<span class=\"simcal-day-label simcal-day-number\" style=\"background-color: #895000; color: #ffffff\">2<\/span>\n\t\t<ul class=\"simcal-events\">\t<li class=\"simcal-event simcal-event-has-location simcal-events-calendar-859 simcal-tooltip\" itemscope itemtype=\"http:\/\/schema.org\/Event\">\n\t\t<span class=\"simcal-event-title\">ALHAMA. Emilia Mart\u00ednez Jim\u00e9nez, funeral<\/span>\n\t\t<div class=\"simcal-event-details simcal-tooltip-content\" style=\"display: none;\"><p><strong><span class=\"simcal-event-title\" itemprop=\"name\">ALHAMA. Emilia Mart\u00ednez Jim\u00e9nez, funeral<\/span><\/strong><\/p>\n<p><span class=\"simcal-event-start simcal-event-start-date\" data-event-start=\"1777744800\" data-event-format=\"j \\d\\e F \\d\\e Y\" itemprop=\"startDate\" content=\"2026-05-02T20:00:00+02:00\">2 de mayo de 2026<\/span>&nbsp;&nbsp;<span class=\"simcal-event-start simcal-event-start-time\" data-event-start=\"1777744800\" data-event-format=\"H:i\" itemprop=\"startDate\" content=\"2026-05-02T20:00:00+02:00\">20:00<\/span> - <span class=\"simcal-event-end simcal-event-end-time\" data-event-end=\"1777748400\" data-event-format=\"H:i\" itemprop=\"endDate\" content=\"2026-05-02T21:00:00+02:00\">21:00<\/span><br \/>\n <span class=\"simcal-event-address simcal-event-start-location\" itemprop=\"location\" itemscope itemtype=\"http:\/\/schema.org\/Place\"><meta itemprop=\"name\" content=\"Iglesia del Carmen\" \/><meta itemprop=\"address\" content=\"Iglesia del Carmen\" \/>Iglesia del Carmen<\/span><\/p>\n<div><\/div>\n<p> <a href=\"https:\/\/www.google.com\/calendar\/event?eid=MWxjMmNwcGVvNGk0bGpqYTAxamtnbmJtaW4gb2p2MWZoOTlpNWRxYWdvdHVvNTA5Z2c5cG9AZw&#038;ctz=Europe\/Madrid\" target=\"_blank\" >Ver m\u00e1s detalles<\/a><\/p><\/div>\n\t<\/li>\n<\/ul>\n\n\t\t<span class=\"simcal-events-dots\" style=\"display: none;\"><b style=\"color: #000;\"> &bull; <\/b><\/span>\n\t<\/div>\n<\/td>\n<td class=\"simcal-day-3 simcal-weekday-0 simcal-future simcal-day\" data-events-count=\"0\">\n\t<div>\n\t\t<span class=\"simcal-day-label simcal-day-number\">3<\/span>\n\t\t<span class=\"simcal-no-events\"><\/span>\n\t\t<span class=\"simcal-events-dots\" style=\"display: none;\"><\/span>\n\t<\/div>\n<\/td>\n<\/tr><tr class=\"simcal-week simcal-week-18\">\n<td class=\"simcal-day-4 simcal-weekday-1 simcal-future simcal-day\" data-events-count=\"0\">\n\t<div>\n\t\t<span class=\"simcal-day-label simcal-day-number\">4<\/span>\n\t\t<span class=\"simcal-no-events\"><\/span>\n\t\t<span class=\"simcal-events-dots\" style=\"display: none;\"><\/span>\n\t<\/div>\n<\/td>\n<td class=\"simcal-day-5 simcal-weekday-2 simcal-future simcal-day\" data-events-count=\"0\">\n\t<div>\n\t\t<span class=\"simcal-day-label simcal-day-number\">5<\/span>\n\t\t<span class=\"simcal-no-events\"><\/span>\n\t\t<span class=\"simcal-events-dots\" style=\"display: none;\"><\/span>\n\t<\/div>\n<\/td>\n<td class=\"simcal-day-6 simcal-weekday-3 simcal-future simcal-day\" data-events-count=\"0\">\n\t<div>\n\t\t<span class=\"simcal-day-label simcal-day-number\">6<\/span>\n\t\t<span class=\"simcal-no-events\"><\/span>\n\t\t<span class=\"simcal-events-dots\" style=\"display: none;\"><\/span>\n\t<\/div>\n<\/td>\n<td class=\"simcal-day-7 simcal-weekday-4 simcal-future simcal-day\" data-events-count=\"0\">\n\t<div>\n\t\t<span class=\"simcal-day-label simcal-day-number\">7<\/span>\n\t\t<span class=\"simcal-no-events\"><\/span>\n\t\t<span class=\"simcal-events-dots\" style=\"display: none;\"><\/span>\n\t<\/div>\n<\/td>\n<td class=\"simcal-day-8 simcal-weekday-5 simcal-future simcal-day\" data-events-count=\"0\">\n\t<div>\n\t\t<span class=\"simcal-day-label simcal-day-number\">8<\/span>\n\t\t<span class=\"simcal-no-events\"><\/span>\n\t\t<span class=\"simcal-events-dots\" style=\"display: none;\"><\/span>\n\t<\/div>\n<\/td>\n<td class=\"simcal-day-9 simcal-weekday-6 simcal-future simcal-day simcal-day-has-events simcal-day-has-1-events simcal-events-calendar-859\" data-events-count=\"1\">\n\t<div>\n\t\t<span class=\"simcal-day-label simcal-day-number\" style=\"background-color: #895000; color: #ffffff\">9<\/span>\n\t\t<ul class=\"simcal-events\">\t<li class=\"simcal-event simcal-event-has-location simcal-events-calendar-859 simcal-tooltip\" itemscope itemtype=\"http:\/\/schema.org\/Event\">\n\t\t<span class=\"simcal-event-title\">ALHAMA. Gerardo G\u00f3mez P\u00e9rez, funeral<\/span>\n\t\t<div class=\"simcal-event-details simcal-tooltip-content\" style=\"display: none;\"><p><strong><span class=\"simcal-event-title\" itemprop=\"name\">ALHAMA. Gerardo G\u00f3mez P\u00e9rez, funeral<\/span><\/strong><\/p>\n<p><span class=\"simcal-event-start simcal-event-start-date\" data-event-start=\"1778349600\" data-event-format=\"j \\d\\e F \\d\\e Y\" itemprop=\"startDate\" content=\"2026-05-09T20:00:00+02:00\">9 de mayo de 2026<\/span>&nbsp;&nbsp;<span class=\"simcal-event-start simcal-event-start-time\" data-event-start=\"1778349600\" data-event-format=\"H:i\" itemprop=\"startDate\" content=\"2026-05-09T20:00:00+02:00\">20:00<\/span> - <span class=\"simcal-event-end simcal-event-end-time\" data-event-end=\"1778353200\" data-event-format=\"H:i\" itemprop=\"endDate\" content=\"2026-05-09T21:00:00+02:00\">21:00<\/span><br \/>\n <span class=\"simcal-event-address simcal-event-start-location\" itemprop=\"location\" itemscope itemtype=\"http:\/\/schema.org\/Place\"><meta itemprop=\"name\" content=\"Iglesia del Carmen. Alhama\" \/><meta itemprop=\"address\" content=\"Iglesia del Carmen. Alhama\" \/>Iglesia del Carmen. Alhama<\/span><\/p>\n<div><\/div>\n<p> <a href=\"https:\/\/www.google.com\/calendar\/event?eid=MnVtbGxlbzY1aXVoZjNiNmVmMDAwOTZybGsgb2p2MWZoOTlpNWRxYWdvdHVvNTA5Z2c5cG9AZw&#038;ctz=Europe\/Madrid\" target=\"_blank\" >Ver m\u00e1s detalles<\/a><\/p><\/div>\n\t<\/li>\n<\/ul>\n\n\t\t<span class=\"simcal-events-dots\" style=\"display: none;\"><b style=\"color: #000;\"> &bull; <\/b><\/span>\n\t<\/div>\n<\/td>\n<td class=\"simcal-day-10 simcal-weekday-0 simcal-future simcal-day\" data-events-count=\"0\">\n\t<div>\n\t\t<span class=\"simcal-day-label simcal-day-number\">10<\/span>\n\t\t<span class=\"simcal-no-events\"><\/span>\n\t\t<span class=\"simcal-events-dots\" style=\"display: none;\"><\/span>\n\t<\/div>\n<\/td>\n<\/tr><tr class=\"simcal-week simcal-week-19\">\n<td class=\"simcal-day-11 simcal-weekday-1 simcal-future simcal-day\" data-events-count=\"0\">\n\t<div>\n\t\t<span class=\"simcal-day-label simcal-day-number\">11<\/span>\n\t\t<span class=\"simcal-no-events\"><\/span>\n\t\t<span class=\"simcal-events-dots\" style=\"display: none;\"><\/span>\n\t<\/div>\n<\/td>\n<td class=\"simcal-day-12 simcal-weekday-2 simcal-future simcal-day\" data-events-count=\"0\">\n\t<div>\n\t\t<span class=\"simcal-day-label simcal-day-number\">12<\/span>\n\t\t<span class=\"simcal-no-events\"><\/span>\n\t\t<span class=\"simcal-events-dots\" style=\"display: none;\"><\/span>\n\t<\/div>\n<\/td>\n<td class=\"simcal-day-13 simcal-weekday-3 simcal-future simcal-day\" data-events-count=\"0\">\n\t<div>\n\t\t<span class=\"simcal-day-label simcal-day-number\">13<\/span>\n\t\t<span class=\"simcal-no-events\"><\/span>\n\t\t<span class=\"simcal-events-dots\" style=\"display: none;\"><\/span>\n\t<\/div>\n<\/td>\n<td class=\"simcal-day-14 simcal-weekday-4 simcal-future simcal-day simcal-day-has-events simcal-day-has-1-events simcal-events-calendar-859\" data-events-count=\"1\">\n\t<div>\n\t\t<span class=\"simcal-day-label simcal-day-number\" style=\"background-color: #895000; color: #ffffff\">14<\/span>\n\t\t<ul class=\"simcal-events\">\t<li class=\"simcal-event simcal-event-has-location simcal-events-calendar-859 simcal-tooltip\" itemscope itemtype=\"http:\/\/schema.org\/Event\">\n\t\t<span class=\"simcal-event-title\">ALHAMA. Ana Franco Maldonado, funeral<\/span>\n\t\t<div class=\"simcal-event-details simcal-tooltip-content\" style=\"display: none;\"><p><strong><span class=\"simcal-event-title\" itemprop=\"name\">ALHAMA. Ana Franco Maldonado, funeral<\/span><\/strong><\/p>\n<p><span class=\"simcal-event-start simcal-event-start-date\" data-event-start=\"1778778000\" data-event-format=\"j \\d\\e F \\d\\e Y\" itemprop=\"startDate\" content=\"2026-05-14T19:00:00+02:00\">14 de mayo de 2026<\/span>&nbsp;&nbsp;<span class=\"simcal-event-start simcal-event-start-time\" data-event-start=\"1778778000\" data-event-format=\"H:i\" itemprop=\"startDate\" content=\"2026-05-14T19:00:00+02:00\">19:00<\/span> - <span class=\"simcal-event-end simcal-event-end-time\" data-event-end=\"1778781600\" data-event-format=\"H:i\" itemprop=\"endDate\" content=\"2026-05-14T20:00:00+02:00\">20:00<\/span><br \/>\n <span class=\"simcal-event-address simcal-event-start-location\" itemprop=\"location\" itemscope itemtype=\"http:\/\/schema.org\/Place\"><meta itemprop=\"name\" content=\"Iglesia del Carmen\" \/><meta itemprop=\"address\" content=\"Iglesia del Carmen\" \/>Iglesia del Carmen<\/span><\/p>\n<div><\/div>\n<p> <a href=\"https:\/\/www.google.com\/calendar\/event?eid=Mm1hanEzc2g4aGR0ZXVoMWltYzA3ODhwNTcgb2p2MWZoOTlpNWRxYWdvdHVvNTA5Z2c5cG9AZw&#038;ctz=Europe\/Madrid\" target=\"_blank\" >Ver m\u00e1s detalles<\/a><\/p><\/div>\n\t<\/li>\n<\/ul>\n\n\t\t<span class=\"simcal-events-dots\" style=\"display: none;\"><b style=\"color: #000;\"> &bull; <\/b><\/span>\n\t<\/div>\n<\/td>\n<td class=\"simcal-day-15 simcal-weekday-5 simcal-future simcal-day\" data-events-count=\"0\">\n\t<div>\n\t\t<span class=\"simcal-day-label simcal-day-number\">15<\/span>\n\t\t<span class=\"simcal-no-events\"><\/span>\n\t\t<span class=\"simcal-events-dots\" style=\"display: none;\"><\/span>\n\t<\/div>\n<\/td>\n<td class=\"simcal-day-16 simcal-weekday-6 simcal-future simcal-day simcal-day-has-events simcal-day-has-1-events simcal-events-calendar-859\" data-events-count=\"1\">\n\t<div>\n\t\t<span class=\"simcal-day-label simcal-day-number\" style=\"background-color: #895000; color: #ffffff\">16<\/span>\n\t\t<ul class=\"simcal-events\">\t<li class=\"simcal-event simcal-event-has-location simcal-events-calendar-859 simcal-tooltip\" itemscope itemtype=\"http:\/\/schema.org\/Event\">\n\t\t<span class=\"simcal-event-title\">ALHAMA. Amparo Flores Guti\u00e9rrez, funeral<\/span>\n\t\t<div class=\"simcal-event-details simcal-tooltip-content\" style=\"display: none;\"><p><strong><span class=\"simcal-event-title\" itemprop=\"name\">ALHAMA. Amparo Flores Guti\u00e9rrez, funeral<\/span><\/strong><\/p>\n<p><span class=\"simcal-event-start simcal-event-start-date\" data-event-start=\"1778954400\" data-event-format=\"j \\d\\e F \\d\\e Y\" itemprop=\"startDate\" content=\"2026-05-16T20:00:00+02:00\">16 de mayo de 2026<\/span>&nbsp;&nbsp;<span class=\"simcal-event-start simcal-event-start-time\" data-event-start=\"1778954400\" data-event-format=\"H:i\" itemprop=\"startDate\" content=\"2026-05-16T20:00:00+02:00\">20:00<\/span> - <span class=\"simcal-event-end simcal-event-end-time\" data-event-end=\"1778958000\" data-event-format=\"H:i\" itemprop=\"endDate\" content=\"2026-05-16T21:00:00+02:00\">21:00<\/span><br \/>\n <span class=\"simcal-event-address simcal-event-start-location\" itemprop=\"location\" itemscope itemtype=\"http:\/\/schema.org\/Place\"><meta itemprop=\"name\" content=\"Iglesia del Carmen\" \/><meta itemprop=\"address\" content=\"Iglesia del Carmen\" \/>Iglesia del Carmen<\/span><\/p>\n<div><\/div>\n<p> <a href=\"https:\/\/www.google.com\/calendar\/event?eid=N3FrZHFoY2Fva2N1aTc0bTZlMWFka211Mzcgb2p2MWZoOTlpNWRxYWdvdHVvNTA5Z2c5cG9AZw&#038;ctz=Europe\/Madrid\" target=\"_blank\" >Ver m\u00e1s detalles<\/a><\/p><\/div>\n\t<\/li>\n<\/ul>\n\n\t\t<span class=\"simcal-events-dots\" style=\"display: none;\"><b style=\"color: #000;\"> &bull; <\/b><\/span>\n\t<\/div>\n<\/td>\n<td class=\"simcal-day-17 simcal-weekday-0 simcal-future simcal-day\" data-events-count=\"0\">\n\t<div>\n\t\t<span class=\"simcal-day-label simcal-day-number\">17<\/span>\n\t\t<span class=\"simcal-no-events\"><\/span>\n\t\t<span class=\"simcal-events-dots\" style=\"display: none;\"><\/span>\n\t<\/div>\n<\/td>\n<\/tr><tr class=\"simcal-week simcal-week-20\">\n<td class=\"simcal-day-18 simcal-weekday-1 simcal-future simcal-day\" data-events-count=\"0\">\n\t<div>\n\t\t<span class=\"simcal-day-label simcal-day-number\">18<\/span>\n\t\t<span class=\"simcal-no-events\"><\/span>\n\t\t<span class=\"simcal-events-dots\" style=\"display: none;\"><\/span>\n\t<\/div>\n<\/td>\n<td class=\"simcal-day-19 simcal-weekday-2 simcal-future simcal-day\" data-events-count=\"0\">\n\t<div>\n\t\t<span class=\"simcal-day-label simcal-day-number\">19<\/span>\n\t\t<span class=\"simcal-no-events\"><\/span>\n\t\t<span class=\"simcal-events-dots\" style=\"display: none;\"><\/span>\n\t<\/div>\n<\/td>\n<td class=\"simcal-day-20 simcal-weekday-3 simcal-future simcal-day\" data-events-count=\"0\">\n\t<div>\n\t\t<span class=\"simcal-day-label simcal-day-number\">20<\/span>\n\t\t<span class=\"simcal-no-events\"><\/span>\n\t\t<span class=\"simcal-events-dots\" style=\"display: none;\"><\/span>\n\t<\/div>\n<\/td>\n<td class=\"simcal-day-21 simcal-weekday-4 simcal-future simcal-day\" data-events-count=\"0\">\n\t<div>\n\t\t<span class=\"simcal-day-label simcal-day-number\">21<\/span>\n\t\t<span class=\"simcal-no-events\"><\/span>\n\t\t<span class=\"simcal-events-dots\" style=\"display: none;\"><\/span>\n\t<\/div>\n<\/td>\n<td class=\"simcal-day-22 simcal-weekday-5 simcal-future simcal-day\" data-events-count=\"0\">\n\t<div>\n\t\t<span class=\"simcal-day-label simcal-day-number\">22<\/span>\n\t\t<span class=\"simcal-no-events\"><\/span>\n\t\t<span class=\"simcal-events-dots\" style=\"display: none;\"><\/span>\n\t<\/div>\n<\/td>\n<td class=\"simcal-day-23 simcal-weekday-6 simcal-future simcal-day simcal-day-has-events simcal-day-has-1-events simcal-events-calendar-859\" data-events-count=\"1\">\n\t<div>\n\t\t<span class=\"simcal-day-label simcal-day-number\" style=\"background-color: #895000; color: #ffffff\">23<\/span>\n\t\t<ul class=\"simcal-events\">\t<li class=\"simcal-event simcal-events-calendar-859 simcal-tooltip\" itemscope itemtype=\"http:\/\/schema.org\/Event\">\n\t\t<span class=\"simcal-event-title\">ALHAMA. Jos\u00e9 Palma Castillo, funeral<\/span>\n\t\t<div class=\"simcal-event-details simcal-tooltip-content\" style=\"display: none;\"><p><strong><span class=\"simcal-event-title\" itemprop=\"name\">ALHAMA. Jos\u00e9 Palma Castillo, funeral<\/span><\/strong><\/p>\n<p><span class=\"simcal-event-start simcal-event-start-date\" data-event-start=\"1779559200\" data-event-format=\"j \\d\\e F \\d\\e Y\" itemprop=\"startDate\" content=\"2026-05-23T20:00:00+02:00\">23 de mayo de 2026<\/span>&nbsp;&nbsp;<span class=\"simcal-event-start simcal-event-start-time\" data-event-start=\"1779559200\" data-event-format=\"H:i\" itemprop=\"startDate\" content=\"2026-05-23T20:00:00+02:00\">20:00<\/span> - <span class=\"simcal-event-end simcal-event-end-time\" data-event-end=\"1779562800\" data-event-format=\"H:i\" itemprop=\"endDate\" content=\"2026-05-23T21:00:00+02:00\">21:00<\/span><br \/>\n <span class=\"simcal-event-address simcal-event-start-location\" itemprop=\"location\" itemscope itemtype=\"http:\/\/schema.org\/Place\"><meta itemprop=\"name\" content=\"ALHAMA. Jos\u00e9 Palma Castillo, funeral\" \/><meta itemprop=\"address\" content=\"ALHAMA. Jos\u00e9 Palma Castillo, funeral\" \/><\/span><\/p>\n<div><\/div>\n<p> <a href=\"https:\/\/www.google.com\/calendar\/event?eid=MzhvYTh1MGJqc2F1cHJnM2wwaGcxZG01N3Agb2p2MWZoOTlpNWRxYWdvdHVvNTA5Z2c5cG9AZw&#038;ctz=Europe\/Madrid\" target=\"_blank\" >Ver m\u00e1s detalles<\/a><\/p><\/div>\n\t<\/li>\n<\/ul>\n\n\t\t<span class=\"simcal-events-dots\" style=\"display: none;\"><b style=\"color: #000;\"> &bull; <\/b><\/span>\n\t<\/div>\n<\/td>\n<td class=\"simcal-day-24 simcal-weekday-0 simcal-future simcal-day\" data-events-count=\"0\">\n\t<div>\n\t\t<span class=\"simcal-day-label simcal-day-number\">24<\/span>\n\t\t<span class=\"simcal-no-events\"><\/span>\n\t\t<span class=\"simcal-events-dots\" style=\"display: none;\"><\/span>\n\t<\/div>\n<\/td>\n<\/tr><tr class=\"simcal-week simcal-week-21\">\n<td class=\"simcal-day-25 simcal-weekday-1 simcal-future simcal-day\" data-events-count=\"0\">\n\t<div>\n\t\t<span class=\"simcal-day-label simcal-day-number\">25<\/span>\n\t\t<span class=\"simcal-no-events\"><\/span>\n\t\t<span class=\"simcal-events-dots\" style=\"display: none;\"><\/span>\n\t<\/div>\n<\/td>\n<td class=\"simcal-day-26 simcal-weekday-2 simcal-future simcal-day\" data-events-count=\"0\">\n\t<div>\n\t\t<span class=\"simcal-day-label simcal-day-number\">26<\/span>\n\t\t<span class=\"simcal-no-events\"><\/span>\n\t\t<span class=\"simcal-events-dots\" style=\"display: none;\"><\/span>\n\t<\/div>\n<\/td>\n<td class=\"simcal-day-27 simcal-weekday-3 simcal-future simcal-day\" data-events-count=\"0\">\n\t<div>\n\t\t<span class=\"simcal-day-label simcal-day-number\">27<\/span>\n\t\t<span class=\"simcal-no-events\"><\/span>\n\t\t<span class=\"simcal-events-dots\" style=\"display: none;\"><\/span>\n\t<\/div>\n<\/td>\n<td class=\"simcal-day-28 simcal-weekday-4 simcal-future simcal-day\" data-events-count=\"0\">\n\t<div>\n\t\t<span class=\"simcal-day-label simcal-day-number\">28<\/span>\n\t\t<span class=\"simcal-no-events\"><\/span>\n\t\t<span class=\"simcal-events-dots\" style=\"display: none;\"><\/span>\n\t<\/div>\n<\/td>\n<td class=\"simcal-day-29 simcal-weekday-5 simcal-future simcal-day\" data-events-count=\"0\">\n\t<div>\n\t\t<span class=\"simcal-day-label simcal-day-number\">29<\/span>\n\t\t<span class=\"simcal-no-events\"><\/span>\n\t\t<span class=\"simcal-events-dots\" style=\"display: none;\"><\/span>\n\t<\/div>\n<\/td>\n<td class=\"simcal-day-30 simcal-weekday-6 simcal-future simcal-day simcal-day-has-events simcal-day-has-1-events simcal-events-calendar-859\" data-events-count=\"1\">\n\t<div>\n\t\t<span class=\"simcal-day-label simcal-day-number\" style=\"background-color: #895000; color: #ffffff\">30<\/span>\n\t\t<ul class=\"simcal-events\">\t<li class=\"simcal-event simcal-event-has-location simcal-events-calendar-859 simcal-tooltip\" itemscope itemtype=\"http:\/\/schema.org\/Event\">\n\t\t<span class=\"simcal-event-title\">ALHAMA. Consuelo Palomino Rodr\u00edguez, funeral<\/span>\n\t\t<div class=\"simcal-event-details simcal-tooltip-content\" style=\"display: none;\"><p><strong><span class=\"simcal-event-title\" itemprop=\"name\">ALHAMA. Consuelo Palomino Rodr\u00edguez, funeral<\/span><\/strong><\/p>\n<p><span class=\"simcal-event-start simcal-event-start-date\" data-event-start=\"1780164000\" data-event-format=\"j \\d\\e F \\d\\e Y\" itemprop=\"startDate\" content=\"2026-05-30T20:00:00+02:00\">30 de mayo de 2026<\/span>&nbsp;&nbsp;<span class=\"simcal-event-start simcal-event-start-time\" data-event-start=\"1780164000\" data-event-format=\"H:i\" itemprop=\"startDate\" content=\"2026-05-30T20:00:00+02:00\">20:00<\/span> - <span class=\"simcal-event-end simcal-event-end-time\" data-event-end=\"1780167600\" data-event-format=\"H:i\" itemprop=\"endDate\" content=\"2026-05-30T21:00:00+02:00\">21:00<\/span><br \/>\n <span class=\"simcal-event-address simcal-event-start-location\" itemprop=\"location\" itemscope itemtype=\"http:\/\/schema.org\/Place\"><meta itemprop=\"name\" content=\"Iglesia del Carmen\" \/><meta itemprop=\"address\" content=\"Iglesia del Carmen\" \/>Iglesia del Carmen<\/span><\/p>\n<div><\/div>\n<p> <a href=\"https:\/\/www.google.com\/calendar\/event?eid=MWUxZW8wMWk4bGQ4YW04YTg0bXNidmhwcTUgb2p2MWZoOTlpNWRxYWdvdHVvNTA5Z2c5cG9AZw&#038;ctz=Europe\/Madrid\" target=\"_blank\" >Ver m\u00e1s detalles<\/a><\/p><\/div>\n\t<\/li>\n<\/ul>\n\n\t\t<span class=\"simcal-events-dots\" style=\"display: none;\"><b style=\"color: #000;\"> &bull; <\/b><\/span>\n\t<\/div>\n<\/td>\n<td class=\"simcal-day-31 simcal-weekday-0 simcal-future simcal-day\" data-events-count=\"0\">\n\t<div>\n\t\t<span class=\"simcal-day-label simcal-day-number\">31<\/span>\n\t\t<span class=\"simcal-no-events\"><\/span>\n\t\t<span class=\"simcal-events-dots\" style=\"display: none;\"><\/span>\n\t<\/div>\n<\/td>\n<\/tr><td class=\"simcal-day simcal-day-void \"><\/td>\n<td class=\"simcal-day simcal-day-void \"><\/td>\n<td class=\"simcal-day simcal-day-void \"><\/td>\n<td class=\"simcal-day simcal-day-void \"><\/td>\n<td class=\"simcal-day simcal-day-void \"><\/td>\n<td class=\"simcal-day simcal-day-void \"><\/td>\n<td class=\"simcal-day simcal-day-void simcal-day-void-last\"><\/td>\n\t<\/tr>\n<\/tbody>\n\t \t\t\t\n            <\/table>\n\n\t\t\t<\/div>\n<p>Es un servicio gratuito para los habitantes de <a href=\"http:\/\/ausencias.es\">nuestra <strong>Comarca<\/strong><\/a>, independientemente de donde se encuentren (cualquier parte de Espa\u00f1a, Europa o el mundo).<\/p>\n<ul>\n<li>&#8211; <a href=\"https:\/\/ausencias.es\/alhama\" target=\"_blank\" rel=\"noopener\">Alhama de Granada<\/a><\/li>\n<li>&#8211; <a href=\"http:\/\/ausencias.es\/arenasdelrey\" target=\"_blank\" rel=\"noopener\">Arenas de Rey<\/a><\/li>\n<li>&#8211; Buenavista<\/li>\n<li>&#8211; <span style=\"font-size: 18pt;\"><a href=\"https:\/\/ausencias.es\/cacin\" target=\"_blank\" rel=\"noopener\"><span style=\"font-size: 12pt;\">Cac\u00edn<\/span><\/a>\u00a0<\/span><\/li>\n<li>&#8211; El Almendral<\/li>\n<li>&#8211; El Turro<\/li>\n<li>&#8211; <a href=\"http:\/\/ausencias.es\/fornes\" target=\"_blank\" rel=\"noopener\">Fornes<\/a><\/li>\n<li>&#8211; <a href=\"http:\/\/ausencias.es\/jatar\" target=\"_blank\" rel=\"noopener\">J\u00e1tar<\/a><\/li>\n<li>&#8211; <a href=\"http:\/\/ausencias.es\/jayena\" target=\"_blank\" rel=\"noopener\">Jayena<\/a><\/li>\n<li>&#8211; La Resinera<\/li>\n<li>&#8211; Los Bermejales<\/li>\n<li>&#8211; Pilas de Algaida<\/li>\n<li>&#8211; <a href=\"http:\/\/ausencias.es\/santacruzdelcomercio\" target=\"_blank\" rel=\"noopener\">Santa Cruz del Comercio<\/a><\/li>\n<li>&#8211; Seco de Lucena<\/li>\n<li>&#8211; <a href=\"http:\/\/ausencias.es\/ventasdezafarraya\" target=\"_blank\" rel=\"noopener\">Ventas de Zafarraya<\/a><\/li>\n<li>&#8211; <span style=\"font-size: 18pt;\"><strong>Zafarraya<\/strong><\/span>\u00a0 <span style=\"color: #808080;\">* Usted est\u00e1\u00a0aqu\u00ed.<\/span><\/li>\n<li><\/li>\n<\/ul>\n<p>&nbsp;<\/p>\n<p><img loading=\"lazy\" decoding=\"async\" class=\"aligncenter\" src=\"http:\/\/ausencias.es\/img\/rosa_60x60.png\" width=\"60\" height=\"60\" \/><\/p>\n<hr \/>\n<h2><strong>Para que nadie sea olvidado<\/strong><\/h2>\n<p>Tenemos un lugar para la persona que lo desee de cualquier parte del mundo.<\/p>\n<ul>\n<li><a href=\"http:\/\/ausencias.es\/mundi\" target=\"_blank\" rel=\"noopener\">Ausencias Mundi<\/a>.<\/li>\n<\/ul>\n<p><img loading=\"lazy\" decoding=\"async\" class=\"aligncenter\" src=\"http:\/\/ausencias.es\/img\/rosa_60x60.png\" width=\"60\" height=\"60\" \/><\/p>\n","protected":false},"excerpt":{"rendered":"<p>Agenda \/ Calendario de eventos para nuestra Comarca Si desea incluir informaci\u00f3n es esta agenda-calendario sobre misas, funerales, homenajes, recuerdos, actos, etc., puede hacerlo a trav\u00e9s del correo electr\u00f3nico\u00a0ausencias.es@gmail.com, o mediante Telegram al 628 669 460 (no se atienden WhatsApp). Agenda \/ eventos pr\u00f3ximos: Si desea hacer alguna inclusi\u00f3n, modificaci\u00f3n u observaci\u00f3n en la agendaSeguir leyendo &rarr;<\/p>\n","protected":false},"author":1,"featured_media":0,"parent":0,"menu_order":0,"comment_status":"closed","ping_status":"closed","template":"","meta":{"footnotes":""},"class_list":["post-857","page","type-page","status-publish","hentry","no-thumb"],"_links":{"self":[{"href":"https:\/\/ausencias.es\/zafarraya\/index.php?rest_route=\/wp\/v2\/pages\/857","targetHints":{"allow":["GET"]}}],"collection":[{"href":"https:\/\/ausencias.es\/zafarraya\/index.php?rest_route=\/wp\/v2\/pages"}],"about":[{"href":"https:\/\/ausencias.es\/zafarraya\/index.php?rest_route=\/wp\/v2\/types\/page"}],"author":[{"embeddable":true,"href":"https:\/\/ausencias.es\/zafarraya\/index.php?rest_route=\/wp\/v2\/users\/1"}],"replies":[{"embeddable":true,"href":"https:\/\/ausencias.es\/zafarraya\/index.php?rest_route=%2Fwp%2Fv2%2Fcomments&post=857"}],"version-history":[{"count":7,"href":"https:\/\/ausencias.es\/zafarraya\/index.php?rest_route=\/wp\/v2\/pages\/857\/revisions"}],"predecessor-version":[{"id":1021,"href":"https:\/\/ausencias.es\/zafarraya\/index.php?rest_route=\/wp\/v2\/pages\/857\/revisions\/1021"}],"wp:attachment":[{"href":"https:\/\/ausencias.es\/zafarraya\/index.php?rest_route=%2Fwp%2Fv2%2Fmedia&parent=857"}],"curies":[{"name":"wp","href":"https:\/\/api.w.org\/{rel}","templated":true}]}}